{"id":17,"date":"2018-02-09T09:54:06","date_gmt":"2018-02-09T09:54:06","guid":{"rendered":"http:\/\/localhost\/themes\/Pro\/Pinewood-Lake\/Website_WP\/index.php\/getting-started\/"},"modified":"2025-09-09T13:55:59","modified_gmt":"2025-09-09T13:55:59","slug":"senegal","status":"publish","type":"page","link":"https:\/\/centre.dieufedieule.com\/","title":{"rendered":"Accueil"},"content":{"rendered":"<p><img decoding=\"async\" src=\"\/wp-content\/uploads\/divider.svg\" alt=\"\"><\/p>\n<h1>Centre Culturel &#8211; Dieufe Dieule<\/h1>\n<div>H\u00e9bergement \/ Restaurant \/ Bar \/ Psicine \/Cours de percus et danse<\/div>\n<p><img decoding=\"async\" src=\"\/wp-content\/uploads\/divider.svg\" alt=\"\"><\/p>\n<h1>Activit\u00e9s 2025 &#8211; 2026 (France)<\/h1>\n<div>\n<p>Reprise des cours la semaine \u00e0 partir du 10 septembre 2025.<\/p>\n<\/div>\n<ul>\n<li>\n<p>\n        <a href=\"\/wp-content\/uploads\/Bulletin-adhesion-2025-2026.pdf\">T\u00e9l\u00e9charger le bulletin d&rsquo;inscription 2025 -2026<\/a>\n    <\/p>\n<\/li>\n<li>\n<p>\n        <a href=\"\/wp-content\/uploads\/Flyer-General-2025-2026.pdf\">T\u00e9l\u00e9charger le Flyer des activit\u00e9s et stages 2025-2026<\/a>\n    <\/p>\n<\/li>\n<\/ul>\n<ul>\n<li>\n<p>        <img decoding=\"async\" src=\"\/wp-content\/uploads\/Lundi-M3Q.jpg\" alt=\"\"><\/p>\n<h3>Percussions adultes\u00a0 M3Q Lundi 19h &#8211; 20h30<\/h3>\n<div>\n<p>Percussions Adultes\u00a0<br \/>M3Q <br \/>Lundi 19h &#8211; 20h30<\/p>\n<\/div>\n<\/li>\n<li>\n<p>        <img decoding=\"async\" src=\"\/wp-content\/uploads\/Nieuil-lEspoir-20h30-22h.jpg\" alt=\"\"><\/p>\n<h3>Danses Africaines et Dum-Dum Danses\u00a0 Nieuil L&rsquo;Espoir\u00a0 Lundi 20h45 &#8211; 22h45<\/h3>\n<div>\n<p>Danses Africaines et Dum-Dum Danse\u00a0<br \/>Nieuil L&rsquo;Espoir\u00a0<br \/>Lundi 20h45 &#8211; 22h45<\/p>\n<\/div>\n<\/li>\n<li>\n<p>        <img decoding=\"async\" src=\"\/wp-content\/uploads\/Nieuil-lEspoir-17h-18h.jpg\" alt=\"\"><\/p>\n<h3>Danses Africaines et Dum-Dum Danses\u00a0 Nieuil L&rsquo;Espoir\u00a0 Lundi 20h45 &#8211; 22h45<\/h3>\n<div>\n<p>Danses Africaines et Percussions Enfants<br \/>Nieuil L&rsquo;Espoir\u00a0<br \/>Lundi 17h &#8211; 18h<\/p>\n<\/div>\n<\/li>\n<li>\n<p>        <img decoding=\"async\" src=\"\/wp-content\/uploads\/Fontaine-le-comte.jpg\" alt=\"\"><\/p>\n<h3>Danses Africaines Adultes Fontaine le Comte\u00a0 Mardi 20h30 &#8211; 22h<\/h3>\n<div>\n<p>Danses Africaines Adultes<br \/>Fontaine le Comte\u00a0<br \/>Mardi 20h30 &#8211; 22h<\/p>\n<\/div>\n<\/li>\n<li>\n<p>        <img decoding=\"async\" src=\"\/wp-content\/uploads\/Blere.jpg\" alt=\"\"><\/p>\n<h3>Bl\u00e9r\u00e9<\/h3>\n<div>\n<p>Danses Africaines Adultes et Enfant<br \/>Dum-Dum Danse Adultes (interm\u00e9diaire \/ avanc\u00e9)<br \/>Bl\u00e9r\u00e9<br \/>Mercredi 17h &#8211; 22h<\/p>\n<\/div>\n<\/li>\n<li>\n<p>        <img decoding=\"async\" src=\"\/wp-content\/uploads\/Neuville-jeudi-17h-18h00.jpg\" alt=\"\"><\/p>\n<h3>Danses et Percussion Enfants Neuville du Poitou Jeudi 17h &#8211; 18h<\/h3>\n<div>\n<p>Danses et Percussion Enfants<br \/>Neuville du Poitou<br \/>Jeudi 17h &#8211; 18h<\/p>\n<\/div>\n<\/li>\n<li>\n<p>        <img decoding=\"async\" src=\"\/wp-content\/uploads\/Neuville-jeudi-20h30-22h.jpg\" alt=\"\"><\/p>\n<h3>Danses et Percussion Enfants Neuville du Poitou Jeudi 17h &#8211; 18h<\/h3>\n<div>\n<p>Danses Africaines et Dum-Dum Danse Adultes<br \/>Niveau Interm\u00e9diaire<br \/>Neuville du Poitou\u00a0<br \/>Jeudi 20h30 &#8211; 22h<\/p>\n<\/div>\n<\/li>\n<li>\n<p>        <img decoding=\"async\" src=\"\/wp-content\/uploads\/Quincay-vendredi-16h45-17h45.jpg\" alt=\"\"><\/p>\n<h3>Danses Africaines Enfants Quin\u00e7ay Vendredi 16h45 &#8211; 17h45<\/h3>\n<div>\n<p>Danses Africaines Enfants<br \/>Quin\u00e7ay<br \/>Vendredi 16h45 &#8211; 17h45<\/p>\n<\/div>\n<\/li>\n<li>\n<p>        <img decoding=\"async\" src=\"\/wp-content\/uploads\/Le-local-Vendredi-18h-19h30.jpg\" alt=\"\"><\/p>\n<h3>Danses Africaines et Dum-Dum Danse Adultes Le Local &#8211; Poitiers Vendredi 18h &#8211; 19h30<\/h3>\n<div>\n<p>Danses Africaines et Dum-Dum Danse Adultes<br \/>Le Local &#8211; Poitiers<br \/>Vendredi 18h &#8211; 19h30<\/p>\n<\/div>\n<\/li>\n<li>\n<p>        <img decoding=\"async\" src=\"\/wp-content\/uploads\/Neuville-vendredi.jpg\" alt=\"\"><\/p>\n<h3>Danses Africaines Adultes Niveau D\u00e9butant Neuville du Poitou\u00a0 Vendredi 19h45 &#8211; 20h45<\/h3>\n<div>\n<p>Danses Africaines Adultes<br \/>Niveau D\u00e9butant<br \/>Neuville du Poitou\u00a0<br \/>Vendredi 19h45 &#8211; 20h45<\/p>\n<\/div>\n<\/li>\n<li>\n<p>        <img decoding=\"async\" src=\"\/wp-content\/uploads\/Quincay-vendredi.jpg\" alt=\"\"><\/p>\n<h3>Danses Africaines Adultes Quin\u00e7ay Vendredi 21h &#8211; 22h30<\/h3>\n<div>\n<p>Danses Africaines Adultes<br \/>Quin\u00e7ay<br \/>Vendredi 21h &#8211; 22h30<\/p>\n<\/div>\n<\/li>\n<\/ul>\n<h1>Spectactles \/ S\u00e9jours \/ Stages<\/h1>\n<ul>\n<li>\n<p>        <img decoding=\"async\" src=\"\/wp-content\/uploads\/WhatsApp-Image-2025-04-01-a-17.42.19_7095f571.jpg\" alt=\"\"><\/p>\n<h3>S\u00e9jour Stage Culturel <br \/>  Dec 2025 \/ Janv 2026<\/h3>\n<div>\n<p data-sourcepos=\"19:1-22:18\" style=\"text-align: center;\">Danses &amp; Percussions Africaines\u00a0<\/p>\n<p data-sourcepos=\"19:1-22:18\">En famille, entre amis, en couple ou en solo !<\/p>\n<p data-sourcepos=\"19:1-22:18\">Tarifs par personne\u00a0 :<br \/>1 semaine : 490 \u20ac<br \/>2 semaines : 700 \u20ac<br \/>Tarif enfant (- de 10 ans)\u00a0 : 300 \u20ac par semaine<\/p>\n<p data-sourcepos=\"19:1-22:18\">Excursions possibles<\/p>\n<p>Pr\u00e9-inscriptions par mail : hebergementcentredieufedieule@gmail.com<\/p>\n<p data-sourcepos=\"32:1-37:39\">Renseignements :<br \/>Omar (France) : +33 6 21 56 14 29 &#8211; \/ +33 7 71 83 80 77 <br \/>Fallou (S\u00e9n\u00e9gal) : +39 329 843 6026<\/p>\n<\/div>\n<\/li>\n<li>\n<p>        <img decoding=\"async\" src=\"\/wp-content\/uploads\/WhatsApp-Image-2025-04-01-a-17.42.19_745fa628.jpg\" alt=\"\"><\/p>\n<h3>S\u00e9jour Stage Culturel <br \/> F\u00e9vrier 2026<\/h3>\n<div>\n<p data-sourcepos=\"6:1-6:35\">Danses &amp; Percussions Africaines\u00a0<br \/>Du 7 au 28 F\u00e9vrier 2026<\/p>\n<p data-sourcepos=\"15:1-18:48\">En famille, entre amis, en couple ou en solo !<\/p>\n<p data-sourcepos=\"15:1-18:48\">Tarifs par personne\u00a0 :<br \/>1 semaine : 490 \u20ac\u00a0<br \/>2 semaines : 700 \u20ac<br \/>3 semaines : 900 \u20ac<br \/>Tarif enfant (- de 10 ans)\u00a0 : 300 \u20ac par semaine<\/p>\n<p data-sourcepos=\"20:1-20:22\">Excursions possibles<\/p>\n<p data-sourcepos=\"20:1-20:22\">Pr\u00e9-inscriptions par mail : hebergementcentredieufedieule@gmail.com<\/p>\n<p data-sourcepos=\"28:1-32:25\">Renseignements :<br \/>Omar : +33 6 21 56 14 29 &#8211; +33 7 71 83 80 77<\/p>\n<\/div>\n<\/li>\n<\/ul>\n<h2>\n<p>D\u00e9couvrez la <strong>culture <\/strong><strong>d\u2019Afrique de l\u2019Ouest<\/strong><\/p>\n<\/h2>\n<div>\n<p>Le centre Dieufe Dieule \u00e0 pour objectif de favoriser les \u00e9changes artistiques et touristiques autour de la culture d&rsquo;Afrique de l&rsquo;Ouest. En organisant des rencontres, des stages (danses, percussions, activit\u00e9s artistiques en tout genre). C&rsquo;est aussi un lieu de d\u00e9tente et d&rsquo;h\u00e9bergement ouvert \u00e0 tous.<\/p>\n<\/div>\n<p><p>\n        <a href=\"\/index.php?page_id=18\">En savoir plus<\/a>\n    <\/p>\n<\/p>\n<ul>\n<li>\n<p>        <iframe src=\"https:\/\/youtu.be\/X1CkabrOrVI\"><\/iframe><\/p>\n<p><a href=\"https:\/\/youtu.be\/X1CkabrOrVI\">Voir la vid\u00e9o<\/a><\/p>\n<\/li>\n<li>\n<p>        <iframe src=\"https:\/\/youtu.be\/s6Y3d8C6mP4\"><\/iframe><\/p>\n<p><a href=\"https:\/\/youtu.be\/s6Y3d8C6mP4\">Voir la vid\u00e9o<\/a><\/p>\n<\/li>\n<li>\n<p>        <iframe src=\"https:\/\/youtu.be\/DTEK8DpRdZI\"><\/iframe><\/p>\n<p><a href=\"https:\/\/youtu.be\/DTEK8DpRdZI\">Voir la vid\u00e9o<\/a><\/p>\n<\/li>\n<\/ul>\n<p><img decoding=\"async\" src=\"\/wp-content\/uploads\/entr%C3%A9e-1-001.jpg\" alt=\"\"><\/p>\n<h3>Un endroit pour se d\u00e9tendre<\/h3>\n<div>\n<p>Vous trouverez au centre Dieufe Dieule tout le confort pour y passer un excellent s\u00e9jour.\u00a0<\/p>\n<\/div>\n<ul>\n<li>\n<div>\n<p>21 chambres<\/p>\n<\/div>\n<\/li>\n<li>\n<div>\n<p>Salle de bains<\/p>\n<\/div>\n<\/li>\n<li>\n<div>\n<p>Bar &amp; Restaurant<\/p>\n<\/div>\n<\/li>\n<li>\n<div>\n<p>Piscine<\/p>\n<\/div>\n<\/li>\n<li>\n<div>\n<p>Spectacles<\/p>\n<\/div>\n<\/li>\n<\/ul>\n<p><p>\n        <a href=\"\/index.php?page_id=777\">Plus d&rsquo;information sur l&rsquo;h\u00e9bergement<\/a>\n    <\/p>\n<\/p>\n<h4>Boutique<\/h4>\n<div>\n<p>Ventre d&rsquo;instruments, housses de djemb\u00e9s, sacs \u00e0 dos, sacs \u00e0 mains, tableaux, objets d\u00e9cos&#8230;<\/p>\n<\/div>\n<ul>\n<li>\n<p>        <img decoding=\"async\" src=\"\/wp-content\/uploads\/boutique-2.jpg\" alt=\"\"><\/p>\n<\/li>\n<li>\n<p>        <img decoding=\"async\" src=\"\/wp-content\/uploads\/boutique-1.jpg\" alt=\"\"><\/p>\n<\/li>\n<li>\n<p>        <img decoding=\"async\" src=\"\/wp-content\/uploads\/boutique-3.jpg\" alt=\"\"><\/p>\n<\/li>\n<\/ul>\n<p><!--more--><br \/>\n<!-- {\"name\":\"Home\",\"type\":\"layout\",\"children\":[{\"name\":\"Hero\",\"type\":\"section\",\"props\":{\"class\":\"demo\",\"header_transparent\":true,\"header_transparent_noplaceholder\":true,\"header_transparent_text_color\":\"light\",\"height\":\"viewport\",\"height_offset_top\":true,\"image\":\"wp-content\\\/uploads\\\/DSC02218.jpg\",\"image_height\":\"1600\",\"image_parallax_bgx\":\"0,-60\",\"image_position\":\"center-right\",\"image_size\":\"cover\",\"image_width\":\"2560\",\"media_blend_mode\":\"overlay\",\"overlap\":true,\"padding\":\"large\",\"padding_remove_top\":true,\"style\":\"muted\",\"title_breakpoint\":\"xl\",\"title_position\":\"top-left\",\"title_rotation\":\"left\",\"vertical_align\":\"middle\",\"width\":\"large\"},\"children\":[{\"type\":\"row\",\"children\":[{\"type\":\"column\",\"props\":{\"image_effect\":\"parallax\",\"image_parallax_bgy\":\"-10,-90\",\"image_parallax_easing\":\"1\",\"image_position\":\"center-center\",\"position_sticky_breakpoint\":\"m\",\"text_color\":\"light\",\"width_medium\":\"1-1\"},\"children\":[{\"type\":\"image\",\"props\":{\"animation\":\"parallax\",\"image\":\"wp-content\\\/uploads\\\/divider.svg\",\"image_height\":\"4\",\"image_svg_color\":\"emphasis\",\"image_width\":\"220\",\"margin\":\"default\",\"parallax_breakpoint\":\"m\",\"parallax_easing\":\"1\",\"parallax_opacity\":\"1,0\",\"parallax_y\":\"0,60\",\"position\":\"relative\",\"position_top\":\"170\",\"text_align\":\"center\"}},{\"type\":\"headline\",\"props\":{\"animation\":\"parallax\",\"content\":\"Centre Culturel - Dieufe Dieule\",\"margin\":\"remove-vertical\",\"parallax_breakpoint\":\"m\",\"parallax_easing\":0.8,\"parallax_end\":\"5vh + 5%\",\"parallax_opacity\":\"1,0\",\"parallax_y\":\"0,60\",\"position\":\"relative\",\"position_top\":\"170\",\"text_align\":\"center\",\"text_align_fallback\":\"center\",\"title_element\":\"h1\",\"title_style\":\"heading-medium\"}},{\"type\":\"headline\",\"props\":{\"animation\":\"parallax\",\"content\":\"H\\u00e9bergement \\\/ Restaurant \\\/ Bar \\\/ Psicine \\\/Cours de percus et danse\",\"margin\":\"remove-vertical\",\"maxwidth_breakpoint\":\"m\",\"parallax_breakpoint\":\"m\",\"parallax_easing\":0.7,\"parallax_end\":\"5vh + 5%\",\"parallax_opacity\":\"1,0\",\"parallax_y\":\"0,60\",\"position\":\"relative\",\"position_bottom\":\"-170\",\"text_align\":\"center\",\"text_align_fallback\":\"center\",\"title_element\":\"div\",\"title_style\":\"h3\"}},{\"type\":\"image\",\"props\":{\"animation\":\"parallax\",\"image\":\"wp-content\\\/uploads\\\/divider.svg\",\"image_height\":\"4\",\"image_svg_color\":\"emphasis\",\"image_width\":\"220\",\"margin\":\"default\",\"parallax_breakpoint\":\"m\",\"parallax_easing\":\"1\",\"parallax_opacity\":\"1,0\",\"parallax_y\":\"0,60\",\"position\":\"relative\",\"position_bottom\":\"-170\",\"text_align\":\"center\"}}]}]}]},{\"type\":\"section\",\"props\":{\"image_position\":\"center-center\",\"padding_remove_bottom\":true,\"style\":\"default\",\"title_breakpoint\":\"xl\",\"title_position\":\"top-left\",\"title_rotation\":\"left\",\"vertical_align\":\"middle\",\"width\":\"default\"},\"children\":[{\"type\":\"row\",\"children\":[{\"type\":\"column\",\"props\":{\"image_position\":\"center-center\",\"position_sticky_breakpoint\":\"m\"},\"children\":[{\"type\":\"headline\",\"props\":{\"content\":\"Activit\\u00e9s 2025 - 2026 (France)\",\"title_element\":\"h1\",\"title_style\":\"h3\"}},{\"type\":\"text\",\"props\":{\"column_breakpoint\":\"m\",\"content\":\"\n\n<p>Reprise des cours la semaine \\u00e0 partir du 10 septembre 2025.<br \\\/><br \\\/><\\\/p>\",\"margin\":\"default\"}},{\"type\":\"button\",\"props\":{\"fullwidth\":true,\"grid_column_gap\":\"small\",\"grid_row_gap\":\"small\",\"margin\":\"default\"},\"children\":[{\"type\":\"button_item\",\"props\":{\"button_style\":\"secondary\",\"content\":\"T\\u00e9l\\u00e9charger le bulletin d'inscription 2025 -2026\",\"dialog_layout\":\"modal\",\"dialog_offcanvas_flip\":true,\"icon\":\"file-pdf\",\"icon_align\":\"left\",\"link\":\"wp-content\\\/uploads\\\/Bulletin-adhesion-2025-2026.pdf\",\"link_target\":\"blank\"}},{\"type\":\"button_item\",\"props\":{\"button_style\":\"secondary\",\"content\":\"T\\u00e9l\\u00e9charger le Flyer des activit\\u00e9s et stages 2025-2026\",\"dialog_layout\":\"modal\",\"dialog_offcanvas_flip\":true,\"icon\":\"file-pdf\",\"icon_align\":\"left\",\"link\":\"wp-content\\\/uploads\\\/Flyer-General-2025-2026.pdf\",\"link_target\":\"blank\"}}]},{\"type\":\"panel-slider\",\"props\":{\"container_padding_remove\":true,\"content_column_breakpoint\":\"m\",\"content_margin\":\"remove\",\"height_expand\":false,\"icon_width\":80,\"image_align\":\"top\",\"image_grid_breakpoint\":\"m\",\"image_grid_width\":\"1-2\",\"image_svg_color\":\"emphasis\",\"link_style\":\"default\",\"link_text\":\"Read more\",\"margin\":\"small\",\"margin_remove_bottom\":true,\"margin_remove_top\":true,\"meta_align\":\"below-title\",\"meta_element\":\"div\",\"meta_style\":\"text-meta\",\"nav\":\"dotnav\",\"nav_align\":\"center\",\"nav_breakpoint\":\"s\",\"nav_margin\":\"small\",\"panel_card_offset\":true,\"panel_image_no_padding\":false,\"panel_match\":false,\"panel_style\":\"tile-default\",\"show_content\":true,\"show_hover_image\":false,\"show_hover_video\":false,\"show_image\":true,\"show_link\":false,\"show_meta\":false,\"show_title\":false,\"show_video\":false,\"slidenav\":\"default\",\"slidenav_breakpoint\":\"\",\"slidenav_hover\":false,\"slidenav_large\":true,\"slidenav_margin\":\"\",\"slidenav_outside_breakpoint\":\"xl\",\"slider_autoplay\":true,\"slider_autoplay_interval\":\"8\",\"slider_autoplay_pause\":true,\"slider_center\":false,\"slider_divider\":false,\"slider_gap\":\"large\",\"slider_parallax\":false,\"slider_parallax_target\":\"![class*='uk-section-'] ~ [class*='uk-section-']\",\"slider_sets\":true,\"slider_velocity\":\"0.6\",\"slider_width\":\"fixed\",\"slider_width_default\":\"1-1\",\"slider_width_medium\":\"1-3\",\"text_align\":\"center\",\"title_align\":\"top\",\"title_element\":\"h3\",\"title_grid_breakpoint\":\"m\",\"title_grid_width\":\"1-2\",\"title_hover_style\":\"reset\",\"title_margin\":\"small\"},\"children\":[{\"type\":\"panel-slider_item\",\"props\":{\"content\":\"\n\n<p>Percussions Adultes\\u00a0<br \\\/>M3Q <br \\\/>Lundi 19h - 20h30<\\\/p>\",\"image\":\"wp-content\\\/uploads\\\/Lundi-M3Q.jpg\",\"image_text_color\":\"light\",\"panel_style\":\"tile-primary\",\"title\":\"Percussions adultes\\u00a0 M3Q Lundi 19h - 20h30\"}},{\"type\":\"panel-slider_item\",\"props\":{\"content\":\"\n\n<p>Danses Africaines et Dum-Dum Danse\\u00a0<br \\\/>Nieuil L'Espoir\\u00a0<br \\\/>Lundi 20h45 - 22h45<\\\/p>\",\"image\":\"wp-content\\\/uploads\\\/Nieuil-lEspoir-20h30-22h.jpg\",\"image_text_color\":\"light\",\"panel_style\":\"tile-primary\",\"title\":\"Danses Africaines et Dum-Dum Danses\\u00a0 Nieuil L'Espoir\\u00a0 Lundi 20h45 - 22h45\"}},{\"type\":\"panel-slider_item\",\"props\":{\"content\":\"\n\n<p>Danses Africaines et Percussions Enfants<br \\\/>Nieuil L'Espoir\\u00a0<br \\\/>Lundi 17h - 18h<\\\/p>\",\"image\":\"wp-content\\\/uploads\\\/Nieuil-lEspoir-17h-18h.jpg\",\"image_text_color\":\"light\",\"panel_style\":\"tile-primary\",\"title\":\"Danses Africaines et Dum-Dum Danses\\u00a0 Nieuil L'Espoir\\u00a0 Lundi 20h45 - 22h45\"}},{\"type\":\"panel-slider_item\",\"props\":{\"content\":\"\n\n<p>Danses Africaines Adultes<br \\\/>Fontaine le Comte\\u00a0<br \\\/>Mardi 20h30 - 22h<\\\/p>\",\"image\":\"wp-content\\\/uploads\\\/Fontaine-le-comte.jpg\",\"image_text_color\":\"light\",\"panel_style\":\"tile-primary\",\"title\":\"Danses Africaines Adultes Fontaine le Comte\\u00a0 Mardi 20h30 - 22h\"}},{\"type\":\"panel-slider_item\",\"props\":{\"content\":\"\n\n<p>Danses Africaines Adultes et Enfant<br \\\/>Dum-Dum Danse Adultes (interm\\u00e9diaire \\\/ avanc\\u00e9)<br \\\/>Bl\\u00e9r\\u00e9<br \\\/>Mercredi 17h - 22h<\\\/p>\",\"image\":\"wp-content\\\/uploads\\\/Blere.jpg\",\"image_text_color\":\"light\",\"panel_style\":\"tile-primary\",\"title\":\"Bl\\u00e9r\\u00e9\"}},{\"type\":\"panel-slider_item\",\"props\":{\"content\":\"\n\n<p>Danses et Percussion Enfants<br \\\/>Neuville du Poitou<br \\\/>Jeudi 17h - 18h<\\\/p>\",\"image\":\"wp-content\\\/uploads\\\/Neuville-jeudi-17h-18h00.jpg\",\"image_text_color\":\"light\",\"panel_style\":\"tile-primary\",\"title\":\"Danses et Percussion Enfants Neuville du Poitou Jeudi 17h - 18h\"}},{\"type\":\"panel-slider_item\",\"props\":{\"content\":\"\n\n<p>Danses Africaines et Dum-Dum Danse Adultes<br \\\/>Niveau Interm\\u00e9diaire<br \\\/>Neuville du Poitou\\u00a0<br \\\/>Jeudi 20h30 - 22h<\\\/p>\",\"image\":\"wp-content\\\/uploads\\\/Neuville-jeudi-20h30-22h.jpg\",\"image_text_color\":\"light\",\"panel_style\":\"tile-primary\",\"title\":\"Danses et Percussion Enfants Neuville du Poitou Jeudi 17h - 18h\"}},{\"type\":\"panel-slider_item\",\"props\":{\"content\":\"\n\n<p>Danses Africaines Enfants<br \\\/>Quin\\u00e7ay<br \\\/>Vendredi 16h45 - 17h45<\\\/p>\",\"image\":\"wp-content\\\/uploads\\\/Quincay-vendredi-16h45-17h45.jpg\",\"image_text_color\":\"light\",\"panel_style\":\"tile-primary\",\"title\":\"Danses Africaines Enfants Quin\\u00e7ay Vendredi 16h45 - 17h45\"}},{\"type\":\"panel-slider_item\",\"props\":{\"content\":\"\n\n<p>Danses Africaines et Dum-Dum Danse Adultes<br \\\/>Le Local - Poitiers<br \\\/>Vendredi 18h - 19h30<\\\/p>\",\"image\":\"wp-content\\\/uploads\\\/Le-local-Vendredi-18h-19h30.jpg\",\"image_text_color\":\"light\",\"panel_style\":\"tile-primary\",\"title\":\"Danses Africaines et Dum-Dum Danse Adultes Le Local - Poitiers Vendredi 18h - 19h30\"}},{\"type\":\"panel-slider_item\",\"props\":{\"content\":\"\n\n<p>Danses Africaines Adultes<br \\\/>Niveau D\\u00e9butant<br \\\/>Neuville du Poitou\\u00a0<br \\\/>Vendredi 19h45 - 20h45<\\\/p>\",\"image\":\"wp-content\\\/uploads\\\/Neuville-vendredi.jpg\",\"image_text_color\":\"light\",\"panel_style\":\"tile-primary\",\"title\":\"Danses Africaines Adultes Niveau D\\u00e9butant Neuville du Poitou\\u00a0 Vendredi 19h45 - 20h45\"}},{\"type\":\"panel-slider_item\",\"props\":{\"content\":\"\n\n<p>Danses Africaines Adultes<br \\\/>Quin\\u00e7ay<br \\\/>Vendredi 21h - 22h30<\\\/p>\",\"image\":\"wp-content\\\/uploads\\\/Quincay-vendredi.jpg\",\"image_text_color\":\"light\",\"panel_style\":\"tile-primary\",\"title\":\"Danses Africaines Adultes Quin\\u00e7ay Vendredi 21h - 22h30\"}}]}]}]}]},{\"type\":\"section\",\"props\":{\"image_position\":\"center-center\",\"padding_remove_top\":true,\"style\":\"default\",\"title_breakpoint\":\"xl\",\"title_position\":\"top-left\",\"title_rotation\":\"left\",\"vertical_align\":\"middle\",\"width\":\"default\"},\"children\":[{\"type\":\"row\",\"children\":[{\"type\":\"column\",\"props\":{\"image_position\":\"center-center\",\"position_sticky_breakpoint\":\"m\"},\"children\":[{\"type\":\"headline\",\"props\":{\"content\":\"Spectactles \\\/ S\\u00e9jours \\\/ Stages\",\"title_element\":\"h1\",\"title_style\":\"h3\"}},{\"type\":\"panel-slider\",\"props\":{\"container_padding_remove\":true,\"content_column_breakpoint\":\"m\",\"content_margin\":\"remove\",\"height_expand\":false,\"icon_width\":80,\"image_align\":\"top\",\"image_grid_breakpoint\":\"m\",\"image_grid_width\":\"1-2\",\"image_svg_color\":\"emphasis\",\"link_style\":\"default\",\"link_text\":\"Read more\",\"margin\":\"small\",\"margin_remove_bottom\":true,\"margin_remove_top\":true,\"meta_align\":\"below-title\",\"meta_element\":\"div\",\"meta_style\":\"text-meta\",\"nav\":\"\",\"nav_align\":\"center\",\"nav_breakpoint\":\"s\",\"nav_margin\":\"small\",\"panel_card_offset\":true,\"panel_image_no_padding\":false,\"panel_match\":false,\"panel_style\":\"tile-default\",\"show_content\":true,\"show_hover_image\":false,\"show_hover_video\":false,\"show_image\":true,\"show_link\":false,\"show_meta\":false,\"show_title\":true,\"show_video\":false,\"slidenav\":\"default\",\"slidenav_breakpoint\":\"\",\"slidenav_hover\":false,\"slidenav_large\":true,\"slidenav_margin\":\"\",\"slidenav_outside_breakpoint\":\"xl\",\"slider_autoplay\":false,\"slider_autoplay_interval\":\"8\",\"slider_autoplay_pause\":true,\"slider_center\":false,\"slider_divider\":false,\"slider_gap\":\"large\",\"slider_parallax\":false,\"slider_parallax_target\":\"![class*='uk-section-'] ~ [class*='uk-section-']\",\"slider_sets\":false,\"slider_velocity\":\"0.6\",\"slider_width\":\"fixed\",\"slider_width_default\":\"1-1\",\"slider_width_medium\":\"1-3\",\"text_align\":\"center\",\"title_align\":\"top\",\"title_element\":\"h3\",\"title_grid_breakpoint\":\"m\",\"title_grid_width\":\"1-2\",\"title_hover_style\":\"reset\",\"title_margin\":\"small\"},\"children\":[{\"type\":\"panel-slider_item\",\"props\":{\"content\":\"\n\n<p data-sourcepos=\\\"19:1-22:18\\\" style=\\\"text-align: center;\\\">Danses &amp; Percussions Africaines\\u00a0<\\\/p>\\n\n\n<p data-sourcepos=\\\"19:1-22:18\\\">En famille, entre amis, en couple ou en solo !<\\\/p>\\n\n\n<p data-sourcepos=\\\"19:1-22:18\\\">Tarifs par personne\\u00a0 :<br \\\/>1 semaine : 490 \\u20ac<br \\\/>2 semaines : 700 \\u20ac<br \\\/>Tarif enfant (- de 10 ans)\\u00a0 : 300 \\u20ac par semaine<\\\/p>\\n\n\n<p data-sourcepos=\\\"19:1-22:18\\\">Excursions possibles<\\\/p>\\n\n\n<p>Pr\\u00e9-inscriptions par mail : hebergementcentredieufedieule@gmail.com<\\\/p>\\n\n\n<p data-sourcepos=\\\"32:1-37:39\\\">Renseignements :<br \\\/>Omar (France) : +33 6 21 56 14 29 - \\\/ +33 7 71 83 80 77 <br \\\/>Fallou (S\\u00e9n\\u00e9gal) : +39 329 843 6026<\\\/p>\",\"image\":\"wp-content\\\/uploads\\\/WhatsApp-Image-2025-04-01-a-17.42.19_7095f571.jpg\",\"image_text_color\":\"light\",\"panel_style\":\"tile-primary\",\"title\":\"S\\u00e9jour Stage Culturel <br \\\/>  Dec 2025 \\\/ Janv 2026\"}},{\"type\":\"panel-slider_item\",\"props\":{\"content\":\"\n\n<p data-sourcepos=\\\"6:1-6:35\\\">Danses &amp; Percussions Africaines\\u00a0<br \\\/>Du 7 au 28 F\\u00e9vrier 2026<\\\/p>\\n\n\n<p data-sourcepos=\\\"15:1-18:48\\\">En famille, entre amis, en couple ou en solo !<\\\/p>\\n\n\n<p data-sourcepos=\\\"15:1-18:48\\\">Tarifs par personne\\u00a0 :<br \\\/>1 semaine : 490 \\u20ac\\u00a0<br \\\/>2 semaines : 700 \\u20ac<br \\\/>3 semaines : 900 \\u20ac<br \\\/>Tarif enfant (- de 10 ans)\\u00a0 : 300 \\u20ac par semaine<\\\/p>\\n\n\n<p data-sourcepos=\\\"20:1-20:22\\\">Excursions possibles<\\\/p>\\n\n\n<p data-sourcepos=\\\"20:1-20:22\\\">Pr\\u00e9-inscriptions par mail : hebergementcentredieufedieule@gmail.com<\\\/p>\\n\n\n<p data-sourcepos=\\\"28:1-32:25\\\">Renseignements :<br \\\/>Omar : +33 6 21 56 14 29 - +33 7 71 83 80 77<\\\/p>\",\"image\":\"wp-content\\\/uploads\\\/WhatsApp-Image-2025-04-01-a-17.42.19_745fa628.jpg\",\"panel_style\":\"tile-primary\",\"title\":\"S\\u00e9jour Stage Culturel <br \\\/> F\\u00e9vrier 2026\"}}]}]}]}]},{\"name\":\"About\",\"type\":\"section\",\"props\":{\"animation\":\"slide-right-medium\",\"animation_delay\":false,\"header_transparent_noplaceholder\":false,\"height\":\"page\",\"height_viewport\":false,\"id\":\"services\",\"image_height\":\"500\",\"image_parallax_breakpoint\":\"s\",\"image_position\":\"center-right\",\"image_width\":\"800\",\"media_blend_mode\":\"multiply\",\"overlap\":false,\"padding_remove_bottom\":false,\"padding_remove_top\":false,\"style\":\"default\",\"title_breakpoint\":\"xl\",\"title_position\":\"top-left\",\"title_rotation\":\"left\",\"vertical_align\":\"\",\"width\":\"large\"},\"children\":[{\"type\":\"row\",\"props\":{\"column_gap\":\"large\",\"divider\":false,\"layout\":\"1-2,1-2\",\"margin\":\"default\",\"row_gap\":\"large\"},\"children\":[{\"type\":\"column\",\"props\":{\"image_position\":\"top-left\",\"media_visibility\":\"m\",\"position_sticky_breakpoint\":\"m\",\"width_medium\":\"1-2\"},\"children\":[{\"type\":\"headline\",\"props\":{\"content\":\"\n\n<p>D\\u00e9couvrez la <strong>culture <\\\/strong><strong>d\\u2019Afrique de l\\u2019Ouest<\\\/strong><\\\/p>\",\"maxwidth\":\"2xlarge\",\"text_align\":\"left\",\"title_element\":\"h2\",\"title_style\":\"heading-small\"}},{\"type\":\"text\",\"props\":{\"column_breakpoint\":\"m\",\"content\":\"\n\n<p>Le centre Dieufe Dieule \\u00e0 pour objectif de favoriser les \\u00e9changes artistiques et touristiques autour de la culture d'Afrique de l'Ouest. En organisant des rencontres, des stages (danses, percussions, activit\\u00e9s artistiques en tout genre). C'est aussi un lieu de d\\u00e9tente et d'h\\u00e9bergement ouvert \\u00e0 tous.<\\\/p>\",\"margin\":\"default\",\"maxwidth\":\"2xlarge\",\"text_align\":\"left\"}},{\"type\":\"button\",\"props\":{\"fullwidth\":false,\"grid_column_gap\":\"\",\"grid_row_gap\":\"\",\"margin\":\"\",\"parallax_easing\":0.7,\"parallax_end\":\"70vh + 70%\",\"parallax_opacity\":\"0.2,1\",\"parallax_y\":\"20,0\",\"position\":\"relative\",\"position_bottom\":\"0\",\"position_left\":\"0\",\"text_align\":\"left\"},\"children\":[{\"type\":\"button_item\",\"props\":{\"button_style\":\"primary\",\"content\":\"En savoir plus\",\"dialog_layout\":\"modal\",\"dialog_offcanvas_flip\":true,\"icon\":\"\",\"icon_align\":\"left\",\"link\":\"index.php?page_id=18\"}}]}]},{\"type\":\"column\",\"props\":{\"image_position\":\"center-center\",\"position_sticky_breakpoint\":\"m\",\"width_medium\":\"1-2\"},\"children\":[{\"type\":\"slideshow\",\"props\":{\"link_margin\":\"remove\",\"link_style\":\"text\",\"link_target\":true,\"link_text\":\"Voir la vid\\u00e9o\",\"margin\":\"default\",\"meta_align\":\"below-title\",\"meta_element\":\"div\",\"meta_style\":\"text-meta\",\"nav\":\"dotnav\",\"nav_align\":\"center\",\"nav_below\":true,\"nav_breakpoint\":\"s\",\"nav_position\":\"bottom-center\",\"nav_position_margin\":\"medium\",\"overlay_animation\":\"parallax\",\"overlay_position\":\"center-left\",\"show_content\":true,\"show_link\":true,\"show_meta\":true,\"show_thumbnail\":true,\"show_title\":true,\"slidenav\":\"default\",\"slidenav_breakpoint\":\"s\",\"slidenav_large\":false,\"slidenav_margin\":\"medium\",\"slidenav_outside_breakpoint\":\"xl\",\"slideshow_autoplay_pause\":true,\"slideshow_box_decoration\":\"mask\",\"slideshow_box_shadow\":\"xlarge\",\"slideshow_min_height\":300,\"text_color\":\"light\",\"thumbnav_height\":\"75\",\"thumbnav_svg_color\":\"emphasis\",\"thumbnav_width\":\"100\",\"title_element\":\"h3\",\"title_hover_style\":\"reset\"},\"children\":[{\"type\":\"slideshow_item\",\"props\":{\"link\":\"https:\\\/\\\/youtu.be\\\/X1CkabrOrVI\",\"link_text\":\"Voir la vid\\u00e9o\",\"video\":\"https:\\\/\\\/youtu.be\\\/X1CkabrOrVI\"}},{\"type\":\"slideshow_item\",\"props\":{\"link\":\"https:\\\/\\\/youtu.be\\\/s6Y3d8C6mP4\",\"video\":\"https:\\\/\\\/youtu.be\\\/s6Y3d8C6mP4\"}},{\"type\":\"slideshow_item\",\"props\":{\"link\":\"https:\\\/\\\/youtu.be\\\/DTEK8DpRdZI\",\"video\":\"https:\\\/\\\/youtu.be\\\/DTEK8DpRdZI\"}}]}]}]}]},{\"name\":\"Salles et chambres\",\"type\":\"section\",\"props\":{\"animation\":\"fade\",\"image_position\":\"center-center\",\"padding_remove_bottom\":false,\"padding_remove_top\":false,\"style\":\"default\",\"title_breakpoint\":\"xl\",\"title_position\":\"top-left\",\"title_rotation\":\"left\",\"vertical_align\":\"\",\"width\":\"large\"},\"children\":[{\"type\":\"row\",\"props\":{\"layout\":\"1-2,1-2\"},\"children\":[{\"type\":\"column\",\"props\":{\"image_position\":\"center-center\",\"position_sticky_breakpoint\":\"m\",\"width_medium\":\"1-2\"},\"children\":[{\"type\":\"image\",\"props\":{\"image\":\"wp-content\\\/uploads\\\/entr\\u00e9e-1-001.jpg\",\"image_box_decoration\":\"mask\",\"image_svg_color\":\"emphasis\",\"image_width\":\"600\",\"margin\":\"default\"}}]},{\"type\":\"column\",\"props\":{\"image_position\":\"center-center\",\"position_sticky_breakpoint\":\"m\",\"width_medium\":\"1-2\"},\"children\":[{\"type\":\"divider\",\"props\":{\"divider_element\":\"div\",\"divider_style\":\"small\",\"margin\":\"small\"}},{\"type\":\"headline\",\"props\":{\"content\":\"Un endroit pour se d\\u00e9tendre\",\"margin\":\"small\",\"title_color\":\"primary\",\"title_element\":\"h3\"}},{\"type\":\"text\",\"props\":{\"column_breakpoint\":\"m\",\"content\":\"\n\n<p>Vous trouverez au centre Dieufe Dieule tout le confort pour y passer un excellent s\\u00e9jour.\\u00a0<\\\/p>\",\"margin\":\"default\"}},{\"type\":\"list\",\"props\":{\"column_breakpoint\":\"m\",\"image_align\":\"left\",\"image_svg_color\":\"emphasis\",\"image_vertical_align\":true,\"list_element\":\"ul\",\"list_horizontal_separator\":\", \",\"list_marker\":\"bullet\",\"list_type\":\"vertical\",\"show_image\":true,\"show_link\":true},\"children\":[{\"type\":\"list_item\",\"props\":{\"content\":\"\n\n<p>21 chambres<\\\/p>\"}},{\"type\":\"list_item\",\"props\":{\"content\":\"\n\n<p>Salle de bains<\\\/p>\"}},{\"type\":\"list_item\",\"props\":{\"content\":\"\n\n<p>Bar &amp; Restaurant<\\\/p>\"}},{\"type\":\"list_item\",\"props\":{\"content\":\"\n\n<p>Piscine<\\\/p>\"}},{\"type\":\"list_item\",\"props\":{\"content\":\"\n\n<p>Spectacles<\\\/p>\"}}]},{\"type\":\"button\",\"props\":{\"grid_column_gap\":\"small\",\"grid_row_gap\":\"small\",\"margin\":\"default\"},\"children\":[{\"type\":\"button_item\",\"props\":{\"button_style\":\"primary\",\"content\":\"Plus d'information sur l'h\\u00e9bergement\",\"dialog_layout\":\"modal\",\"dialog_offcanvas_flip\":true,\"icon_align\":\"left\",\"link\":\"index.php?page_id=777\"}}]}]}]}]},{\"name\":\"Boutique\",\"type\":\"section\",\"props\":{\"animation\":\"fade\",\"image\":\"wp-content\\\/uploads\\\/home-activities-bg-1.jpg\",\"image_height\":\"1090\",\"image_position\":\"bottom-right\",\"overlap\":true,\"padding\":\"small\",\"style\":\"default\",\"title_breakpoint\":\"xl\",\"title_position\":\"top-left\",\"title_rotation\":\"left\",\"vertical_align\":\"\",\"width\":\"large\"},\"children\":[{\"type\":\"row\",\"props\":{\"layout\":\"1-3,2-3\"},\"children\":[{\"type\":\"column\",\"props\":{\"image_position\":\"center-center\",\"position_sticky_breakpoint\":\"m\",\"width_medium\":\"1-3\"},\"children\":[{\"type\":\"headline\",\"props\":{\"content\":\"Boutique\",\"title_color\":\"primary\",\"title_element\":\"h4\",\"title_style\":\"h2\"}},{\"type\":\"text\",\"props\":{\"column_breakpoint\":\"m\",\"content\":\"\n\n<p>Ventre d'instruments, housses de djemb\\u00e9s, sacs \\u00e0 dos, sacs \\u00e0 mains, tableaux, objets d\\u00e9cos...<\\\/p>\",\"margin\":\"default\"}}]},{\"type\":\"column\",\"props\":{\"image_position\":\"center-center\",\"position_sticky_breakpoint\":\"m\",\"width_medium\":\"2-3\"},\"children\":[{\"type\":\"gallery\",\"props\":{\"filter_align\":\"left\",\"filter_all\":true,\"filter_grid_breakpoint\":\"m\",\"filter_grid_width\":\"auto\",\"filter_position\":\"top\",\"filter_style\":\"tab\",\"grid_default\":\"1\",\"grid_medium\":\"3\",\"image_box_decoration\":\"mask\",\"item_animation\":true,\"lightbox_bg_close\":true,\"link_style\":\"default\",\"link_text\":\"Read more\",\"margin\":\"default\",\"meta_align\":\"below-title\",\"meta_element\":\"div\",\"meta_style\":\"text-meta\",\"overlay_hover\":true,\"overlay_mode\":\"cover\",\"overlay_position\":\"center\",\"overlay_style\":\"overlay-primary\",\"overlay_transition\":\"fade\",\"parallax_easing\":\"1\",\"show_content\":true,\"show_hover_image\":true,\"show_hover_video\":true,\"show_link\":true,\"show_meta\":true,\"show_title\":true,\"text_align\":\"center\",\"text_color\":\"light\",\"title_element\":\"h3\",\"title_hover_style\":\"reset\"},\"children\":[{\"type\":\"gallery_item\",\"props\":{\"image\":\"wp-content\\\/uploads\\\/boutique-2.jpg\"}},{\"type\":\"gallery_item\",\"props\":{\"image\":\"wp-content\\\/uploads\\\/boutique-1.jpg\"}},{\"type\":\"gallery_item\",\"props\":{\"image\":\"wp-content\\\/uploads\\\/boutique-3.jpg\"}}]}]}]}]}],\"version\":\"4.5.11\"} --><\/p>\n","protected":false},"excerpt":{"rendered":"<p>Centre Culturel &#8211; Dieufe Dieule H\u00e9bergement \/ Restaurant \/ Bar \/ Psicine \/Cours de percus et danse Activit\u00e9s 2025 &#8211; 2026 (France) Reprise des cours la semaine \u00e0 partir du 10 septembre 2025. T\u00e9l\u00e9charger le bulletin d&rsquo;inscription 2025 -2026 T\u00e9l\u00e9charger le Flyer des activit\u00e9s et stages 2025-2026 Percussions adultes\u00a0 M3Q Lundi 19h &#8211; 20h30 Percussions [&hellip;]<\/p>\n","protected":false},"author":3,"featured_media":0,"parent":0,"menu_order":9,"comment_status":"closed","ping_status":"closed","template":"","meta":{"footnotes":""},"class_list":["post-17","page","type-page","status-publish","hentry"],"_links":{"self":[{"href":"https:\/\/centre.dieufedieule.com\/index.php?rest_route=\/wp\/v2\/pages\/17","targetHints":{"allow":["GET"]}}],"collection":[{"href":"https:\/\/centre.dieufedieule.com\/index.php?rest_route=\/wp\/v2\/pages"}],"about":[{"href":"https:\/\/centre.dieufedieule.com\/index.php?rest_route=\/wp\/v2\/types\/page"}],"author":[{"embeddable":true,"href":"https:\/\/centre.dieufedieule.com\/index.php?rest_route=\/wp\/v2\/users\/3"}],"replies":[{"embeddable":true,"href":"https:\/\/centre.dieufedieule.com\/index.php?rest_route=%2Fwp%2Fv2%2Fcomments&post=17"}],"version-history":[{"count":15,"href":"https:\/\/centre.dieufedieule.com\/index.php?rest_route=\/wp\/v2\/pages\/17\/revisions"}],"predecessor-version":[{"id":1238,"href":"https:\/\/centre.dieufedieule.com\/index.php?rest_route=\/wp\/v2\/pages\/17\/revisions\/1238"}],"wp:attachment":[{"href":"https:\/\/centre.dieufedieule.com\/index.php?rest_route=%2Fwp%2Fv2%2Fmedia&parent=17"}],"curies":[{"name":"wp","href":"https:\/\/api.w.org\/{rel}","templated":true}]}}